{"id":735,"date":"2025-10-28T17:08:20","date_gmt":"2025-10-28T16:08:20","guid":{"rendered":"https:\/\/artsingridtost.com\/?page_id=735"},"modified":"2026-02-04T12:27:22","modified_gmt":"2026-02-04T11:27:22","slug":"inici-2","status":"publish","type":"page","link":"https:\/\/artsingridtost.com\/","title":{"rendered":"Inici"},"content":{"rendered":"<p>[et_pb_section fb_built=&#8221;1&#8243; admin_label=&#8221;Header&#8221; _builder_version=&#8221;4.16&#8243; overflow-x=&#8221;hidden&#8221; overflow-y=&#8221;hidden&#8221; custom_padding=&#8221;||5px|||&#8221; global_colors_info=&#8221;{}&#8221;][et_pb_row column_structure=&#8221;3_5,2_5&#8243; _builder_version=&#8221;4.27.4&#8243; background_color=&#8221;#FFFFFF&#8221; custom_padding=&#8221;||0px|||&#8221; global_colors_info=&#8221;{}&#8221;][et_pb_column type=&#8221;3_5&#8243; _builder_version=&#8221;4.16&#8243; global_colors_info=&#8221;{}&#8221;][et_pb_text _builder_version=&#8221;4.27.4&#8243; header_font=&#8221;Poppins|600|||||||&#8221; header_font_size=&#8221;64px&#8221; header_line_height=&#8221;1.2em&#8221; header_2_font=&#8221;||||||||&#8221; custom_margin_tablet=&#8221;||10px&#8221; custom_margin_phone=&#8221;&#8221; custom_margin_last_edited=&#8221;on|desktop&#8221; header_font_size_tablet=&#8221;48px&#8221; header_font_size_phone=&#8221;32px&#8221; header_font_size_last_edited=&#8221;on|desktop&#8221; locked=&#8221;off&#8221; global_colors_info=&#8221;{}&#8221;]<\/p>\n<h1>Ingrid Tost<\/h1>\n<p>[\/et_pb_text][et_pb_text _builder_version=&#8221;4.27.4&#8243; text_font=&#8221;Muli||||||||&#8221; text_font_size=&#8221;17px&#8221; text_line_height=&#8221;1.8em&#8221; text_font_size_tablet=&#8221;&#8221; text_font_size_phone=&#8221;14px&#8221; text_font_size_last_edited=&#8221;on|desktop&#8221; locked=&#8221;off&#8221; global_colors_info=&#8221;{}&#8221;]<\/p>\n<p>S\u00f3c Ingrid Tost, escultora i artista pl\u00e0stica amb una profunda connexi\u00f3 amb la pedra natural.<\/p>\n<p>Treballo fusionant t\u00e8cniques tradicionals i contempor\u00e0nies per convertir la mat\u00e8ria en peces \u00faniques, plenes d&#8217;\u00e0nima i significat.<\/p>\n<p>[\/et_pb_text][et_pb_button button_url=&#8221;@ET-DC@eyJkeW5hbWljIjp0cnVlLCJjb250ZW50IjoicG9zdF9saW5rX3VybF9wYWdlIiwic2V0dGluZ3MiOnsicG9zdF9pZCI6IjM5IiwiZW5hYmxlX2h0bWwiOiJvZmYifX0=@&#8221; button_text=&#8221;Serveis&#8221; button_alignment=&#8221;left&#8221; button_alignment_tablet=&#8221;&#8221; button_alignment_phone=&#8221;left&#8221; button_alignment_last_edited=&#8221;on|desktop&#8221; _builder_version=&#8221;4.27.4&#8243; _dynamic_attributes=&#8221;button_url&#8221; custom_button=&#8221;on&#8221; button_text_size=&#8221;14px&#8221; button_text_color=&#8221;#ffffff&#8221; button_bg_color=&#8221;#d39e7e&#8221; button_border_width=&#8221;0px&#8221; button_border_radius=&#8221;0px&#8221; button_letter_spacing=&#8221;2px&#8221; button_font=&#8221;Poppins|600||on|||||&#8221; button_use_icon=&#8221;off&#8221; custom_margin=&#8221;||0px&#8221; custom_padding=&#8221;24px|30px|24px|30px|true|true&#8221; box_shadow_style=&#8221;preset3&#8243; box_shadow_vertical=&#8221;14px&#8221; box_shadow_blur=&#8221;30px&#8221; box_shadow_spread=&#8221;-10px&#8221; box_shadow_color=&#8221;rgba(0,79,232,0.4)&#8221; locked=&#8221;off&#8221; global_colors_info=&#8221;{}&#8221; button_bg_color__hover_enabled=&#8221;on&#8221; button_bg_color__hover=&#8221;#003fc9&#8243; button_bg_enable_color__hover=&#8221;on&#8221;][\/et_pb_button][et_pb_button button_url=&#8221;@ET-DC@eyJkeW5hbWljIjp0cnVlLCJjb250ZW50IjoicG9zdF9saW5rX3VybF9wYWdlIiwic2V0dGluZ3MiOnsicG9zdF9pZCI6IjU1IiwiZW5hYmxlX2h0bWwiOiJvZmYifX0=@&#8221; button_text=&#8221;Contacte&#8221; button_alignment=&#8221;left&#8221; _builder_version=&#8221;4.27.4&#8243; _dynamic_attributes=&#8221;button_url&#8221; custom_button=&#8221;on&#8221; button_text_size=&#8221;14px&#8221; button_text_color=&#8221;#ffffff&#8221; button_bg_color=&#8221;#162944&#8243; button_border_width=&#8221;0px&#8221; button_border_radius=&#8221;0px&#8221; button_letter_spacing=&#8221;2px&#8221; button_font=&#8221;Poppins|600||on|||||&#8221; button_use_icon=&#8221;off&#8221; custom_padding=&#8221;14px|30px|14px|30px|true|true&#8221; box_shadow_style=&#8221;preset3&#8243; box_shadow_vertical=&#8221;14px&#8221; box_shadow_blur=&#8221;30px&#8221; box_shadow_spread=&#8221;-10px&#8221; box_shadow_color=&#8221;rgba(22,41,68,0.4)&#8221; locked=&#8221;off&#8221; global_colors_info=&#8221;{}&#8221; button_bg_color__hover_enabled=&#8221;on&#8221; button_bg_color__hover=&#8221;#003fc9&#8243; button_bg_enable_color__hover=&#8221;on&#8221;][\/et_pb_button][\/et_pb_column][et_pb_column type=&#8221;2_5&#8243; _builder_version=&#8221;4.27.4&#8243; background_color=&#8221;#d39e7e&#8221; global_colors_info=&#8221;{}&#8221;][et_pb_image src=&#8221;https:\/\/artsingridtost.com\/wp-content\/uploads\/2025\/08\/1024-1535.jpg&#8221; title_text=&#8221;1024-1535&#8243; _builder_version=&#8221;4.27.4&#8243; transform_scale=&#8221;120%|120%&#8221; transform_scale_tablet=&#8221;100%|100%&#8221; transform_scale_phone=&#8221;&#8221; transform_scale_last_edited=&#8221;on|desktop&#8221; transform_translate_tablet=&#8221;&#8221; transform_translate_phone=&#8221;&#8221; transform_translate_last_edited=&#8221;on|desktop&#8221; transform_rotate_tablet=&#8221;&#8221; transform_rotate_phone=&#8221;&#8221; transform_rotate_last_edited=&#8221;on|desktop&#8221; transform_skew_tablet=&#8221;&#8221; transform_skew_phone=&#8221;&#8221; transform_skew_last_edited=&#8221;on|desktop&#8221; transform_origin=&#8221;0%|100%&#8221; transform_origin_tablet=&#8221;&#8221; transform_origin_phone=&#8221;&#8221; transform_origin_last_edited=&#8221;on|desktop&#8221; transform_styles_last_edited=&#8221;on|desktop&#8221; max_width_tablet=&#8221;400px&#8221; max_width_phone=&#8221;&#8221; max_width_last_edited=&#8221;on|desktop&#8221; min_height=&#8221;751.4px&#8221; custom_margin=&#8221;|-10vw|-342px|||&#8221; custom_margin_tablet=&#8221;|0vw||&#8221; custom_margin_phone=&#8221;&#8221; custom_margin_last_edited=&#8221;on|desktop&#8221; custom_padding=&#8221;||0px|||&#8221; transform_styles_tablet=&#8221;&#8221; transform_styles_phone=&#8221;&#8221; locked=&#8221;off&#8221; global_colors_info=&#8221;{}&#8221;][\/et_pb_image][\/et_pb_column][\/et_pb_row][\/et_pb_section][et_pb_section fb_built=&#8221;1&#8243; admin_label=&#8221;Services&#8221; _builder_version=&#8221;4.16&#8243; custom_padding=&#8221;0px||0px|||&#8221; global_colors_info=&#8221;{}&#8221;][et_pb_row column_structure=&#8221;3_5,2_5&#8243; _builder_version=&#8221;4.27.4&#8243; background_color=&#8221;#d39e7c&#8221; min_height=&#8221;745.2px&#8221; custom_margin=&#8221;|auto|-46px|auto||&#8221; custom_padding=&#8221;0px|||||&#8221; global_colors_info=&#8221;{}&#8221;][et_pb_column type=&#8221;3_5&#8243; _builder_version=&#8221;4.27.4&#8243; background_color=&#8221;#FFFFFF&#8221; global_colors_info=&#8221;{}&#8221;][et_pb_image src=&#8221;https:\/\/artsingridtost.com\/wp-content\/uploads\/2025\/10\/20022024-DG_22-12-18-_DSC0740-Mejorado-NR-Editar-Editar.jpg&#8221; title_text=&#8221;20022024-DG_22-12-18 _DSC0740-Mejorado-NR-Editar-Editar&#8221; align=&#8221;right&#8221; admin_label=&#8221;Daniel graell&#8221; _builder_version=&#8221;4.27.4&#8243; custom_margin=&#8221;|-49px|0px|-14vw||&#8221; custom_margin_tablet=&#8221;|||0vw&#8221; custom_margin_phone=&#8221;&#8221; custom_margin_last_edited=&#8221;on|desktop&#8221; custom_padding=&#8221;|0px||||&#8221; locked=&#8221;off&#8221; global_colors_info=&#8221;{}&#8221;][\/et_pb_image][\/et_pb_column][et_pb_column type=&#8221;2_5&#8243; _builder_version=&#8221;4.27.4&#8243; background_color=&#8221;#d39e7e&#8221; transform_scale_tablet=&#8221;&#8221; transform_scale_phone=&#8221;&#8221; transform_scale_last_edited=&#8221;on|desktop&#8221; transform_translate=&#8221;-50%|-50%&#8221; transform_translate_tablet=&#8221;0%|0%&#8221; transform_translate_phone=&#8221;&#8221; transform_translate_last_edited=&#8221;on|desktop&#8221; transform_translate_linked=&#8221;off&#8221; transform_rotate_tablet=&#8221;&#8221; transform_rotate_phone=&#8221;&#8221; transform_rotate_last_edited=&#8221;on|desktop&#8221; transform_skew_tablet=&#8221;&#8221; transform_skew_phone=&#8221;&#8221; transform_skew_last_edited=&#8221;on|desktop&#8221; transform_origin_tablet=&#8221;&#8221; transform_origin_phone=&#8221;&#8221; transform_origin_last_edited=&#8221;on|desktop&#8221; transform_styles_last_edited=&#8221;on|desktop&#8221; custom_padding=&#8221;40px|40px|40px|40px|true|true&#8221; transform_styles_tablet=&#8221;&#8221; transform_styles_phone=&#8221;&#8221; box_shadow_style=&#8221;preset3&#8243; box_shadow_vertical=&#8221;30px&#8221; box_shadow_blur=&#8221;60px&#8221; box_shadow_spread=&#8221;-15px&#8221; box_shadow_color=&#8221;rgba(0,79,232,0.4)&#8221; global_colors_info=&#8221;{}&#8221;][et_pb_text _builder_version=&#8221;4.27.4&#8243; header_font=&#8221;||||||||&#8221; header_2_font=&#8221;||||||||&#8221; header_3_font=&#8221;Poppins|500|||||||&#8221; header_3_font_size=&#8221;28px&#8221; header_3_line_height=&#8221;1.4em&#8221; background_color=&#8221;RGBA(255,255,255,0)&#8221; background_layout=&#8221;dark&#8221; header_3_font_size_tablet=&#8221;20px&#8221; header_3_font_size_phone=&#8221;18px&#8221; header_3_font_size_last_edited=&#8221;on|phone&#8221; locked=&#8221;off&#8221; global_colors_info=&#8221;{}&#8221;]<\/p>\n<h4 data-start=\"497\" data-end=\"673\">La meva ess\u00e8ncia<\/h4>\n<p>[\/et_pb_text][et_pb_text _builder_version=&#8221;4.27.4&#8243; header_font=&#8221;||||||||&#8221; header_2_font=&#8221;||||||||&#8221; header_3_font=&#8221;Poppins|500|||||||&#8221; header_3_font_size=&#8221;28px&#8221; header_3_line_height=&#8221;1.4em&#8221; background_color=&#8221;RGBA(255,255,255,0)&#8221; background_layout=&#8221;dark&#8221; header_3_font_size_tablet=&#8221;20px&#8221; header_3_font_size_phone=&#8221;18px&#8221; header_3_font_size_last_edited=&#8221;on|phone&#8221; locked=&#8221;off&#8221; global_colors_info=&#8221;{}&#8221;]<\/p>\n<p data-start=\"497\" data-end=\"673\">Tot el meu treball mant\u00e9 un enfocament artesanal, hum\u00e0 i profundament connectat amb la bellesa natural.<\/p>\n<p>[\/et_pb_text][et_pb_text _builder_version=&#8221;4.27.4&#8243; text_font=&#8221;Muli||||||||&#8221; text_line_height=&#8221;1.8em&#8221; background_color=&#8221;RGBA(255,255,255,0)&#8221; background_layout=&#8221;dark&#8221; locked=&#8221;off&#8221; global_colors_info=&#8221;{}&#8221;][\/et_pb_text][\/et_pb_column][\/et_pb_row][et_pb_row column_structure=&#8221;2_3,1_3&#8243; use_custom_gutter=&#8221;on&#8221; gutter_width=&#8221;1&#8243; make_equal=&#8221;on&#8221; _builder_version=&#8221;4.16&#8243; width=&#8221;100%&#8221; max_width=&#8221;1400px&#8221; custom_padding=&#8221;0px||0px|||&#8221; global_colors_info=&#8221;{}&#8221;][et_pb_column type=&#8221;2_3&#8243; _builder_version=&#8221;4.16&#8243; custom_padding=&#8221;48px|10%|48px|10%|true|true&#8221; custom_padding_tablet=&#8221;||||false&#8221; custom_padding_phone=&#8221;&#8221; custom_padding_last_edited=&#8221;on|desktop&#8221; global_colors_info=&#8221;{}&#8221;][et_pb_text _builder_version=&#8221;4.27.4&#8243; text_font=&#8221;||||||||&#8221; header_font=&#8221;||||||||&#8221; header_2_font=&#8221;Poppins|600|||||||&#8221; header_2_font_size=&#8221;48px&#8221; header_2_line_height=&#8221;1.3em&#8221; header_4_font=&#8221;Poppins|600||on|||||&#8221; header_4_text_color=&#8221;rgba(0,0,0,0.4)&#8221; header_4_font_size=&#8221;11px&#8221; header_4_letter_spacing=&#8221;2px&#8221; header_4_line_height=&#8221;1.6em&#8221; custom_margin=&#8221;||30px&#8221; header_2_font_size_tablet=&#8221;32px&#8221; header_2_font_size_phone=&#8221;22px&#8221; header_2_font_size_last_edited=&#8221;on|phone&#8221; module_alignment_tablet=&#8221;right&#8221; module_alignment_last_edited=&#8221;off|desktop&#8221; locked=&#8221;off&#8221; global_colors_info=&#8221;{}&#8221;]<\/p>\n<h4>Sobre mi<\/h4>\n<h2>Les meves accions i habilitats<\/h2>\n<p>[\/et_pb_text][et_pb_text _builder_version=&#8221;4.27.4&#8243; text_font=&#8221;Muli||||||||&#8221; text_font_size=&#8221;17px&#8221; text_line_height=&#8221;1.8em&#8221; max_width=&#8221;512px&#8221; custom_margin=&#8221;||30px&#8221; text_font_size_tablet=&#8221;&#8221; text_font_size_phone=&#8221;14px&#8221; text_font_size_last_edited=&#8221;on|desktop&#8221; locked=&#8221;off&#8221; global_colors_info=&#8221;{}&#8221;]<\/p>\n<p data-start=\"184\" data-end=\"383\"><strong data-start=\"184\" data-end=\"219\">M&#8217;adapto a m\u00faltiples formats:<\/strong> Escultura amb diferents tipus de pedra, murals art\u00edstics, retrats personalitzats i obres gr\u00e0fiques amb llapis, pastel, oli, acr\u00edlic, aquarel\u00b7la, entre altres.<\/p>\n<p data-start=\"385\" data-end=\"609\">Les meves obres estan pensades i dissenyades amb l&#8217;objectiu d&#8217;emocionar l&#8217;espectador, creades per al lloc i les persones que les contemplaran. M&#8217;agrada veure les il\u00b7lusions dels meus clients fetes realitat amb el meu toc personal. <\/p>\n<p data-start=\"611\" data-end=\"866\">M&#8217;apassiona explorar diferents t\u00e8cniques i formats, des de l&#8217;escultura cl\u00e0ssica fins a murals contemporanis o dibuixos m\u00e9s \u00edntims. Tots els meus projectes tenen un enfocament artesanal, profundament hum\u00e0 i arrelat a la bellesa natural dels materials. <\/p>\n<p>[\/et_pb_text][\/et_pb_column][et_pb_column type=&#8221;1_3&#8243; _builder_version=&#8221;4.16&#8243; background_color=&#8221;#f2f4fb&#8221; custom_padding=&#8221;40px|40px|40px|40px|true|true&#8221; border_width_all=&#8221;6px&#8221; border_color_all=&#8221;#ffffff&#8221; global_colors_info=&#8221;{}&#8221;][et_pb_image src=&#8221;https:\/\/artsingridtost.com\/wp-content\/uploads\/2025\/07\/white_logo_color_background-scaled.jpg&#8221; title_text=&#8221;white_logo_color_background&#8221; _builder_version=&#8221;4.27.4&#8243; width=&#8221;46%&#8221; custom_margin=&#8221;||30px&#8221; global_colors_info=&#8221;{}&#8221;][\/et_pb_image][et_pb_text _builder_version=&#8221;4.27.4&#8243; header_font=&#8221;||||||||&#8221; header_2_font=&#8221;||||||||&#8221; header_4_font=&#8221;Poppins|600||on|||||&#8221; header_4_text_color=&#8221;rgba(0,0,0,0.4)&#8221; header_4_font_size=&#8221;11px&#8221; header_4_letter_spacing=&#8221;2px&#8221; header_4_line_height=&#8221;1.6em&#8221; locked=&#8221;off&#8221; global_colors_info=&#8221;{}&#8221;]<\/p>\n<h4>Sobre mi<\/h4>\n<p>[\/et_pb_text][et_pb_text _builder_version=&#8221;4.27.4&#8243; header_font=&#8221;||||||||&#8221; header_2_font=&#8221;||||||||&#8221; header_3_font=&#8221;Poppins|500|||||||&#8221; header_3_font_size=&#8221;28px&#8221; header_3_line_height=&#8221;1.4em&#8221; header_3_font_size_tablet=&#8221;20px&#8221; header_3_font_size_phone=&#8221;18px&#8221; header_3_font_size_last_edited=&#8221;on|phone&#8221; locked=&#8221;off&#8221; global_colors_info=&#8221;{}&#8221;]<\/p>\n<h3>Experi\u00e8ncia<\/h3>\n<p>[\/et_pb_text][et_pb_text _builder_version=&#8221;4.27.4&#8243; text_font=&#8221;Muli||||||||&#8221; text_line_height=&#8221;1.8em&#8221; locked=&#8221;off&#8221; global_colors_info=&#8221;{}&#8221;]<\/p>\n<p data-start=\"104\" data-end=\"273\">He participat en alguns simposis d&#8217;escultura en pedra natural i en fires d&#8217;artesans en diverses parts d&#8217;Europa, tamb\u00e9 realitzant tallers de talla en pedra.<\/p>\n<p data-start=\"104\" data-end=\"273\">\n<p data-start=\"275\" data-end=\"407\">Tamb\u00e9 imparteixo classes de dibuix, pintura i arteter\u00e0pia, per ajudar-te a expressar-te art\u00edsticament de manera personal i aut\u00e8ntica.<\/p>\n<p data-start=\"275\" data-end=\"407\">\n<p data-start=\"409\" data-end=\"592\">Entre els meus serveis tamb\u00e9 ofereixo restauraci\u00f3 i conservaci\u00f3 del patrimoni en pedra natural, amb un enfocament sensible i respectu\u00f3s que preserva l&#8217;ess\u00e8ncia original de cada obra.<\/p>\n<p>[\/et_pb_text][\/et_pb_column][\/et_pb_row][\/et_pb_section][et_pb_section fb_built=&#8221;1&#8243; admin_label=&#8221;Mission&#8221; _builder_version=&#8221;4.16&#8243; background_color=&#8221;#182845&#8243; global_colors_info=&#8221;{}&#8221;][et_pb_row column_structure=&#8221;3_5,2_5&#8243; _builder_version=&#8221;4.16&#8243; custom_padding=&#8221;||17px|||&#8221; global_colors_info=&#8221;{}&#8221;][et_pb_column type=&#8221;3_5&#8243; _builder_version=&#8221;4.16&#8243; global_colors_info=&#8221;{}&#8221;][et_pb_text _builder_version=&#8221;4.27.4&#8243; text_font=&#8221;||||||||&#8221; header_font=&#8221;||||||||&#8221; header_2_font=&#8221;Poppins|600|||||||&#8221; header_2_font_size=&#8221;48px&#8221; header_2_line_height=&#8221;1.3em&#8221; header_4_font=&#8221;Poppins|600||on|||||&#8221; header_4_text_color=&#8221;rgba(255,255,255,0.4)&#8221; header_4_font_size=&#8221;11px&#8221; header_4_letter_spacing=&#8221;2px&#8221; header_4_line_height=&#8221;1.6em&#8221; background_layout=&#8221;dark&#8221; header_2_font_size_tablet=&#8221;32px&#8221; header_2_font_size_phone=&#8221;22px&#8221; header_2_font_size_last_edited=&#8221;on|phone&#8221; module_alignment_tablet=&#8221;right&#8221; module_alignment_last_edited=&#8221;off|desktop&#8221; locked=&#8221;off&#8221; global_colors_info=&#8221;{}&#8221;]<\/p>\n<h4>Sobre mi<\/h4>\n<h2 data-start=\"2905\" data-end=\"2933\">La meva mirada art\u00edstica<\/h2>\n<p data-start=\"2935\" data-end=\"3309\">[\/et_pb_text][et_pb_text _builder_version=&#8221;4.27.4&#8243; text_font=&#8221;Muli||||||||&#8221; text_font_size=&#8221;17px&#8221; text_line_height=&#8221;1.8em&#8221; background_layout=&#8221;dark&#8221; text_font_size_tablet=&#8221;&#8221; text_font_size_phone=&#8221;14px&#8221; text_font_size_last_edited=&#8221;on|desktop&#8221; locked=&#8221;off&#8221; global_colors_info=&#8221;{}&#8221;]<\/p>\n<p data-start=\"105\" data-end=\"164\">Cada creaci\u00f3 neix del di\u00e0leg entre mat\u00e8ria, llum i idea.<\/p>\n<p data-start=\"166\" data-end=\"290\">Dissenyo cada pe\u00e7a pensant en el seu entorn i en les persones que la viuran, amb l&#8217;objectiu de provocar emoci\u00f3 i connexi\u00f3.<\/p>\n<p data-start=\"292\" data-end=\"426\">Em motiva transformar les il\u00b7lusions dels clients en realitats tangibles amb un segell personal. Exploro diferents disciplines:<\/p>\n<p data-start=\"428\" data-end=\"650\">\u2714\ufe0f Escultura figurativa o no, amb un toc contemporani, que tamb\u00e9 pot ser funcional.<br data-start=\"518\" data-end=\"521\">\u2714\ufe0f Mural en diversos formats i estils, adaptats a les idees dels clients.<br data-start=\"602\" data-end=\"605\">\u2714\ufe0f Dibuixos i retrats \u00edntims i personals.<\/p>\n<p>[\/et_pb_text][\/et_pb_column][et_pb_column type=&#8221;2_5&#8243; _builder_version=&#8221;4.16&#8243; global_colors_info=&#8221;{}&#8221;][et_pb_image src=&#8221;https:\/\/artsingridtost.com\/wp-content\/uploads\/2025\/10\/Malda-2022-1.jpg&#8221; title_text=&#8221;Mald\u00e0 2022 (1)&#8221; _builder_version=&#8221;4.27.4&#8243; _module_preset=&#8221;default&#8221; global_colors_info=&#8221;{}&#8221;][\/et_pb_image][\/et_pb_column][\/et_pb_row][\/et_pb_section][et_pb_section fb_built=&#8221;1&#8243; _builder_version=&#8221;4.27.4&#8243; _module_preset=&#8221;default&#8221; custom_margin=&#8221;-68px|||||&#8221; custom_padding=&#8221;||2px|||&#8221; global_colors_info=&#8221;{}&#8221;][et_pb_row _builder_version=&#8221;4.27.4&#8243; _module_preset=&#8221;default&#8221; global_colors_info=&#8221;{}&#8221;][et_pb_column type=&#8221;4_4&#8243; _builder_version=&#8221;4.27.4&#8243; _module_preset=&#8221;default&#8221; global_colors_info=&#8221;{}&#8221;][et_pb_slider _builder_version=&#8221;4.27.4&#8243; _module_preset=&#8221;default&#8221; width=&#8221;100%&#8221; global_colors_info=&#8221;{}&#8221;][et_pb_slide heading=&#8221;Simposis&#8221; button_text=&#8221;Veure m\u00e9s&#8221; button_link=&#8221;https:\/\/artsingridtost.com\/?page_id=367&#8243; image=&#8221;https:\/\/artsingridtost.com\/wp-content\/uploads\/2025\/08\/4004-3003-max-scaled.jpg&#8221; _builder_version=&#8221;4.27.4&#8243; _module_preset=&#8221;default&#8221; use_background_color_gradient=&#8221;on&#8221; background_color_gradient_stops=&#8221;#2b87da 33%|#29c4a9 81%&#8221; global_colors_info=&#8221;{}&#8221; sticky_transition=&#8221;on&#8221;]<\/p>\n<p>El meu punt de vista i visi\u00f3<\/p>\n<p>[\/et_pb_slide][et_pb_slide heading=&#8221;Treballs en pedra&#8221; button_text=&#8221;Veure m\u00e9s&#8221; button_link=&#8221;https:\/\/artsingridtost.com\/?page_id=290&#8243; image=&#8221;https:\/\/artsingridtost.com\/wp-content\/uploads\/2025\/07\/fons-negre-scaled.jpg&#8221; _builder_version=&#8221;4.27.4&#8243; _module_preset=&#8221;default&#8221; use_background_color_gradient=&#8221;on&#8221; background_color_gradient_stops=&#8221;#2b87da 33%|#29c4a9 81%&#8221; global_colors_info=&#8221;{}&#8221; sticky_transition=&#8221;on&#8221;]<\/p>\n<p>Els meus treballs en pedra natural van des del disseny fins a l&#8217;execuci\u00f3 d&#8217;escultures<\/p>\n<p>[\/et_pb_slide][et_pb_slide heading=&#8221;Murals&#8221; button_text=&#8221;Veure m\u00e9s&#8221; button_link=&#8221;https:\/\/artsingridtost.com\/?page_id=361&#8243; image=&#8221;https:\/\/artsingridtost.com\/wp-content\/uploads\/2025\/07\/30062022-IMG_1868-scaled.jpg&#8221; _builder_version=&#8221;4.27.4&#8243; _module_preset=&#8221;default&#8221; use_background_color_gradient=&#8221;on&#8221; background_color_gradient_stops=&#8221;#2b87da 33%|#29c4a9 81%&#8221; global_colors_info=&#8221;{}&#8221; button_text__hover_enabled=&#8221;on|desktop&#8221; button_text__hover=&#8221;Veure m\u00e9s&#8221; sticky_transition=&#8221;on&#8221;]<\/p>\n<p>Els meus murals estan pensats i pintats amb la finalitat d&#8217;emocionar l&#8217;espectador; busco que tinguin algun significat en el lloc on es trobin o per a les persones que els contemplaran.<\/p>\n<p>[\/et_pb_slide][et_pb_slide heading=&#8221;Retrats i art&#8221; button_text=&#8221;Veure m\u00e9s&#8221; button_link=&#8221;https:\/\/artsingridtost.com\/?page_id=365&#8243; image=&#8221;https:\/\/artsingridtost.com\/wp-content\/uploads\/2025\/07\/18102020-_MG_6553.jpg&#8221; _builder_version=&#8221;4.27.4&#8243; _module_preset=&#8221;default&#8221; use_background_color_gradient=&#8221;on&#8221; background_color_gradient_stops=&#8221;#2b87da 33%|#29c4a9 81%&#8221; global_colors_info=&#8221;{}&#8221; sticky_transition=&#8221;on&#8221;]<\/p>\n<p>Faig retrats cl\u00e0ssics a llapis, pintura a l\u2019oli, pastel, per\u00f2 estic oberta a qualsevol proposta m\u00e9s moderna i desenfadada.<br data-start=\"204\" data-end=\"207\">Tamb\u00e9 realitzo quadres propis o personalitzats.<\/p>\n<p>[\/et_pb_slide][\/et_pb_slider][\/et_pb_column][\/et_pb_row][\/et_pb_section][et_pb_section fb_built=&#8221;1&#8243; _builder_version=&#8221;4.27.4&#8243; _module_preset=&#8221;default&#8221; global_colors_info=&#8221;{}&#8221;][et_pb_row _builder_version=&#8221;4.27.4&#8243; _module_preset=&#8221;default&#8221; global_colors_info=&#8221;{}&#8221;][et_pb_column type=&#8221;4_4&#8243; _builder_version=&#8221;4.27.4&#8243; _module_preset=&#8221;default&#8221; global_colors_info=&#8221;{}&#8221;][et_pb_accordion _builder_version=&#8221;4.27.4&#8243; _module_preset=&#8221;default&#8221; global_colors_info=&#8221;{}&#8221;][et_pb_accordion_item open=&#8221;on&#8221; _builder_version=&#8221;4.27.4&#8243; _module_preset=&#8221;default&#8221; inline_fonts=&#8221;Aboreto&#8221; global_colors_info=&#8221;{}&#8221;]<\/p>\n<h1 style=\"text-align: center;\"><span style=\"font-family: Aboreto; font-weight: normal;\">Feina en pedra<\/span><\/h1>\n<p>[\/et_pb_accordion_item][\/et_pb_accordion][\/et_pb_column][\/et_pb_row][\/et_pb_section][et_pb_section fb_built=&#8221;1&#8243; fullwidth=&#8221;on&#8221; _builder_version=&#8221;4.27.4&#8243; _module_preset=&#8221;default&#8221; global_colors_info=&#8221;{}&#8221;][et_pb_fullwidth_slider _builder_version=&#8221;4.27.4&#8243; _module_preset=&#8221;default&#8221; min_height=&#8221;1327px&#8221; min_height_tablet=&#8221;562px&#8221; min_height_phone=&#8221;250px&#8221; min_height_last_edited=&#8221;on|phone&#8221; global_colors_info=&#8221;{}&#8221;][et_pb_slide _builder_version=&#8221;4.27.4&#8243; _module_preset=&#8221;default&#8221; background_image=&#8221;https:\/\/artsingridtost.com\/wp-content\/uploads\/2025\/07\/14062025-14062025-_MG_7873.jpg&#8221; background_enable_image=&#8221;on&#8221; global_colors_info=&#8221;{}&#8221; sticky_transition=&#8221;on&#8221;][\/et_pb_slide][et_pb_slide _builder_version=&#8221;4.27.4&#8243; _module_preset=&#8221;default&#8221; background_image=&#8221;https:\/\/artsingridtost.com\/wp-content\/uploads\/2025\/07\/IMG_20230423_112314-scaled.jpg&#8221; background_enable_image=&#8221;on&#8221; global_colors_info=&#8221;{}&#8221; sticky_transition=&#8221;on&#8221;][\/et_pb_slide][et_pb_slide _builder_version=&#8221;4.27.4&#8243; _module_preset=&#8221;default&#8221; background_image=&#8221;https:\/\/artsingridtost.com\/wp-content\/uploads\/2025\/10\/IMG_20250523_182401-1-scaled.jpg&#8221; background_enable_image=&#8221;on&#8221; background_size=&#8221;stretch&#8221; global_colors_info=&#8221;{}&#8221; sticky_transition=&#8221;on&#8221;][\/et_pb_slide][et_pb_slide _builder_version=&#8221;4.27.4&#8243; _module_preset=&#8221;default&#8221; background_image=&#8221;https:\/\/artsingridtost.com\/wp-content\/uploads\/2025\/07\/IMG_20240402_101713-scaled.jpg&#8221; background_enable_image=&#8221;on&#8221; global_colors_info=&#8221;{}&#8221; sticky_transition=&#8221;on&#8221;][\/et_pb_slide][\/et_pb_fullwidth_slider][\/et_pb_section][et_pb_section fb_built=&#8221;1&#8243; _builder_version=&#8221;4.27.4&#8243; _module_preset=&#8221;default&#8221; global_colors_info=&#8221;{}&#8221;][et_pb_row _builder_version=&#8221;4.27.4&#8243; _module_preset=&#8221;default&#8221; global_colors_info=&#8221;{}&#8221;][et_pb_column type=&#8221;4_4&#8243; _builder_version=&#8221;4.27.4&#8243; _module_preset=&#8221;default&#8221; global_colors_info=&#8221;{}&#8221;][et_pb_accordion _builder_version=&#8221;4.27.4&#8243; _module_preset=&#8221;default&#8221; global_colors_info=&#8221;{}&#8221;][et_pb_accordion_item open=&#8221;on&#8221; _builder_version=&#8221;4.27.4&#8243; _module_preset=&#8221;default&#8221; inline_fonts=&#8221;Aboreto&#8221; global_colors_info=&#8221;{}&#8221;]<\/p>\n<h1 style=\"text-align: center;\"><span style=\"font-family: Aboreto; font-weight: normal;\">Murals<\/span><\/h1>\n<p>[\/et_pb_accordion_item][\/et_pb_accordion][\/et_pb_column][\/et_pb_row][\/et_pb_section][et_pb_section fb_built=&#8221;1&#8243; fullwidth=&#8221;on&#8221; _builder_version=&#8221;4.27.4&#8243; _module_preset=&#8221;default&#8221; global_colors_info=&#8221;{}&#8221;][et_pb_fullwidth_slider _builder_version=&#8221;4.27.4&#8243; _module_preset=&#8221;default&#8221; min_height=&#8221;1000px&#8221; min_height_tablet=&#8221;1000px&#8221; min_height_phone=&#8221;250px&#8221; min_height_last_edited=&#8221;on|phone&#8221; height_tablet=&#8221;&#8221; height_phone=&#8221;&#8221; height_last_edited=&#8221;on|phone&#8221; global_colors_info=&#8221;{}&#8221;][et_pb_slide _builder_version=&#8221;4.27.4&#8243; _module_preset=&#8221;default&#8221; background_image=&#8221;https:\/\/artsingridtost.com\/wp-content\/uploads\/2025\/07\/05072020-_MG_6288-Editar-scaled.jpg&#8221; background_enable_image=&#8221;on&#8221; global_colors_info=&#8221;{}&#8221; sticky_transition=&#8221;on&#8221;][\/et_pb_slide][et_pb_slide _builder_version=&#8221;4.27.4&#8243; _module_preset=&#8221;default&#8221; background_image=&#8221;https:\/\/artsingridtost.com\/wp-content\/uploads\/2025\/07\/30062022-IMG_1868-scaled.jpg&#8221; background_enable_image=&#8221;on&#8221; global_colors_info=&#8221;{}&#8221; sticky_transition=&#8221;on&#8221;][\/et_pb_slide][et_pb_slide _builder_version=&#8221;4.27.4&#8243; _module_preset=&#8221;default&#8221; background_image=&#8221;https:\/\/artsingridtost.com\/wp-content\/uploads\/2025\/07\/IMG_20210811_190318-02-scaled.jpeg&#8221; background_enable_image=&#8221;on&#8221; global_colors_info=&#8221;{}&#8221; sticky_transition=&#8221;on&#8221;][\/et_pb_slide][\/et_pb_fullwidth_slider][\/et_pb_section][et_pb_section fb_built=&#8221;1&#8243; _builder_version=&#8221;4.27.4&#8243; _module_preset=&#8221;default&#8221; global_colors_info=&#8221;{}&#8221;][et_pb_row _builder_version=&#8221;4.27.4&#8243; _module_preset=&#8221;default&#8221; global_colors_info=&#8221;{}&#8221;][et_pb_column type=&#8221;4_4&#8243; _builder_version=&#8221;4.27.4&#8243; _module_preset=&#8221;default&#8221; global_colors_info=&#8221;{}&#8221;][et_pb_accordion _builder_version=&#8221;4.27.4&#8243; _module_preset=&#8221;default&#8221; global_colors_info=&#8221;{}&#8221;][et_pb_accordion_item open=&#8221;on&#8221; _builder_version=&#8221;4.27.4&#8243; _module_preset=&#8221;default&#8221; inline_fonts=&#8221;Aboreto&#8221; global_colors_info=&#8221;{}&#8221;]<\/p>\n<h1 style=\"text-align: center;\"><span style=\"font-family: Aboreto; font-weight: normal;\">Retrats i art<\/span><\/h1>\n<p>[\/et_pb_accordion_item][\/et_pb_accordion][\/et_pb_column][\/et_pb_row][\/et_pb_section][et_pb_section fb_built=&#8221;1&#8243; fullwidth=&#8221;on&#8221; _builder_version=&#8221;4.27.4&#8243; _module_preset=&#8221;default&#8221; global_colors_info=&#8221;{}&#8221;][et_pb_fullwidth_slider _builder_version=&#8221;4.27.4&#8243; _module_preset=&#8221;default&#8221; min_height=&#8221;1000px&#8221; min_height_tablet=&#8221;1000px&#8221; min_height_phone=&#8221;250px&#8221; min_height_last_edited=&#8221;on|phone&#8221; global_colors_info=&#8221;{}&#8221;][et_pb_slide _builder_version=&#8221;4.27.4&#8243; _module_preset=&#8221;default&#8221; background_image=&#8221;https:\/\/artsingridtost.com\/wp-content\/uploads\/2025\/10\/24052021-_MG_7856-scaled.jpg&#8221; background_enable_image=&#8221;on&#8221; global_colors_info=&#8221;{}&#8221; sticky_transition=&#8221;on&#8221;][\/et_pb_slide][et_pb_slide _builder_version=&#8221;4.27.4&#8243; _module_preset=&#8221;default&#8221; background_image=&#8221;https:\/\/artsingridtost.com\/wp-content\/uploads\/2025\/07\/21112016-IMG_20161121_123706_HDR-scaled.jpg&#8221; background_enable_image=&#8221;on&#8221; global_colors_info=&#8221;{}&#8221; sticky_transition=&#8221;on&#8221;][\/et_pb_slide][et_pb_slide _builder_version=&#8221;4.27.4&#8243; _module_preset=&#8221;default&#8221; background_image=&#8221;https:\/\/artsingridtost.com\/wp-content\/uploads\/2025\/07\/IMG_20210904_105147-scaled-e1754301850697.jpg&#8221; background_enable_image=&#8221;on&#8221; background_size=&#8221;stretch&#8221; global_colors_info=&#8221;{}&#8221; sticky_transition=&#8221;on&#8221;][\/et_pb_slide][et_pb_slide _builder_version=&#8221;4.27.4&#8243; _module_preset=&#8221;default&#8221; background_image=&#8221;https:\/\/artsingridtost.com\/wp-content\/uploads\/2025\/07\/22082016-IMG_8167-scaled.jpg&#8221; background_enable_image=&#8221;on&#8221; global_colors_info=&#8221;{}&#8221; sticky_transition=&#8221;on&#8221;][\/et_pb_slide][\/et_pb_fullwidth_slider][\/et_pb_section][et_pb_section fb_built=&#8221;1&#8243; admin_label=&#8221;Testimonials&#8221; _builder_version=&#8221;4.16&#8243; background_image=&#8221;https:\/\/artsingridtost.com\/wp-content\/uploads\/2025\/06\/eye-doctor-02.png&#8221; background_size=&#8221;initial&#8221; background_position=&#8221;top_right&#8221; custom_margin=&#8221;36px|||||&#8221; global_colors_info=&#8221;{}&#8221;][et_pb_row _builder_version=&#8221;4.16&#8243; global_colors_info=&#8221;{}&#8221;][et_pb_column type=&#8221;4_4&#8243; _builder_version=&#8221;4.16&#8243; global_colors_info=&#8221;{}&#8221;][et_pb_text _builder_version=&#8221;4.27.4&#8243; text_font=&#8221;||||||||&#8221; header_font=&#8221;||||||||&#8221; header_2_font=&#8221;Poppins|600|||||||&#8221; header_2_font_size=&#8221;48px&#8221; header_2_line_height=&#8221;1.3em&#8221; header_4_font=&#8221;Poppins|600||on|||||&#8221; header_4_text_color=&#8221;rgba(0,0,0,0.4)&#8221; header_4_font_size=&#8221;11px&#8221; header_4_letter_spacing=&#8221;2px&#8221; header_4_line_height=&#8221;1.6em&#8221; max_width=&#8221;512px&#8221; header_2_font_size_tablet=&#8221;32px&#8221; header_2_font_size_phone=&#8221;22px&#8221; header_2_font_size_last_edited=&#8221;on|phone&#8221; locked=&#8221;off&#8221; global_colors_info=&#8221;{}&#8221;]<\/p>\n<h4>Testimonis<\/h4>\n<h2>Qu\u00e8 diu la gent?<\/h2>\n<p>[\/et_pb_text][\/et_pb_column][\/et_pb_row][et_pb_row column_structure=&#8221;1_2,1_2&#8243; _builder_version=&#8221;4.16&#8243; global_colors_info=&#8221;{}&#8221;][et_pb_column type=&#8221;1_2&#8243; saved_specialty_column_type=&#8221;1_2&#8243; _builder_version=&#8221;4.16&#8243; background_color=&#8221;#ffffff&#8221; custom_padding=&#8221;30px|30px|30px|30px|true|true&#8221; box_shadow_style=&#8221;preset1&#8243; box_shadow_vertical=&#8221;20px&#8221; box_shadow_blur=&#8221;60px&#8221; box_shadow_color=&#8221;rgba(22,41,68,0.12)&#8221; global_colors_info=&#8221;{}&#8221; transform_styles__hover_enabled=&#8221;on&#8221; transform_scale__hover_enabled=&#8221;on&#8221; transform_translate__hover_enabled=&#8221;on&#8221; transform_rotate__hover_enabled=&#8221;on&#8221; transform_skew__hover_enabled=&#8221;on&#8221; transform_origin__hover_enabled=&#8221;on&#8221; transform_scale__hover=&#8221;107%|107%&#8221;][et_pb_text _builder_version=&#8221;4.27.4&#8243; text_font=&#8221;Poppins||||||||&#8221; text_font_size=&#8221;15px&#8221; text_line_height=&#8221;1.8em&#8221; max_width=&#8221;512px&#8221; text_font_size_tablet=&#8221;&#8221; text_font_size_phone=&#8221;14px&#8221; text_font_size_last_edited=&#8221;on|desktop&#8221; locked=&#8221;off&#8221; inline_fonts=&#8221;Abel&#8221; global_colors_info=&#8221;{}&#8221;]<\/p>\n<p class=\"rteBlock\" style=\"box-sizing: border-box; border: 0px solid #333333; -webkit-font-smoothing: antialiased; margin: 0px; line-height: normal; text-align: left; font-size: 18px; -webkit-tap-highlight-color: transparent; direction: ltr; font-weight: 400; color: #939393; font-family: Muli; font-style: normal; font-variant-ligatures: normal; font-variant-caps: normal; letter-spacing: normal; orphans: 2; text-indent: 0px; text-transform: none; widows: 2; word-spacing: 0px; -webkit-text-stroke-width: 0px; white-space: normal; background-color: #ffffff; text-decoration-thickness: initial; text-decoration-style: initial; text-decoration-color: initial;\"><span style=\"font-family: Abel; font-weight: normal;\"><em><strong>Li vam fer dos perduts a l\u2019Ingrid, vam quedar molt contents.<\/strong><\/em><\/span><\/p>\n<p class=\"rteBlock\" style=\"box-sizing: border-box; border: 0px solid #333333; -webkit-font-smoothing: antialiased; margin: 0px; line-height: normal; text-align: left; font-size: 18px; -webkit-tap-highlight-color: transparent; direction: ltr; font-weight: 400; color: #939393; font-family: Muli; font-style: normal; font-variant-ligatures: normal; font-variant-caps: normal; letter-spacing: normal; orphans: 2; text-indent: 0px; text-transform: none; widows: 2; word-spacing: 0px; -webkit-text-stroke-width: 0px; white-space: normal; background-color: #ffffff; text-decoration-thickness: initial; text-decoration-style: initial; text-decoration-color: initial;\"><span style=\"font-family: Abel; font-weight: normal;\"><em><strong>Van ser uns regals per als meus pares i els meus sogres. Va ser meravell\u00f3s veure les seves cares d&#8217;emoci\u00f3 en veure els retrats dels seus casaments.  <\/strong><\/em><\/span><\/p>\n<p class=\"rteBlock\" style=\"box-sizing: border-box; border: 0px solid #333333; -webkit-font-smoothing: antialiased; margin: 0px; line-height: normal; text-align: left; font-size: 18px; -webkit-tap-highlight-color: transparent; direction: ltr; font-weight: 400; color: #939393; font-family: Muli; font-style: normal; font-variant-ligatures: normal; font-variant-caps: normal; letter-spacing: normal; orphans: 2; text-indent: 0px; text-transform: none; widows: 2; word-spacing: 0px; -webkit-text-stroke-width: 0px; white-space: normal; background-color: #ffffff; text-decoration-thickness: initial; text-decoration-style: initial; text-decoration-color: initial;\"><span style=\"font-family: Abel; font-weight: normal;\"><em><strong>Ingrid va ser molt professional ja que va acabar els enc\u00e0rrecs amb poc temps i amb una lesi\u00f3 pel mig.<\/strong><\/em><\/span><\/p>\n<p class=\"rteBlock\" style=\"box-sizing: border-box; border: 0px solid #333333; -webkit-font-smoothing: antialiased; margin: 0px; line-height: normal; text-align: left; font-size: 18px; -webkit-tap-highlight-color: transparent; direction: ltr; font-weight: 400; color: #939393; font-family: Muli; font-style: normal; font-variant-ligatures: normal; font-variant-caps: normal; letter-spacing: normal; orphans: 2; text-indent: 0px; text-transform: none; widows: 2; word-spacing: 0px; -webkit-text-stroke-width: 0px; white-space: normal; background-color: #ffffff; text-decoration-thickness: initial; text-decoration-style: initial; text-decoration-color: initial;\"><span style=\"font-family: Abel; font-weight: normal;\"><em><strong><\/strong><\/em><\/span><\/p>\n<p class=\"rteBlock\" style=\"box-sizing: border-box; border: 0px solid #333333; -webkit-font-smoothing: antialiased; margin: 0px; line-height: normal; text-align: left; font-size: 18px; -webkit-tap-highlight-color: transparent; direction: ltr; font-weight: 400; color: #939393; font-family: Muli; font-style: normal; font-variant-ligatures: normal; font-variant-caps: normal; letter-spacing: normal; orphans: 2; text-indent: 0px; text-transform: none; widows: 2; word-spacing: 0px; -webkit-text-stroke-width: 0px; white-space: normal; background-color: #ffffff; text-decoration-thickness: initial; text-decoration-style: initial; text-decoration-color: initial;\"><span style=\"font-family: Abel;\">&#8211; Esther<\/span><\/p>\n<p>[\/et_pb_text][\/et_pb_column][et_pb_column type=&#8221;1_2&#8243; saved_specialty_column_type=&#8221;1_2&#8243; _builder_version=&#8221;4.16&#8243; background_color=&#8221;#ffffff&#8221; custom_padding=&#8221;30px|30px|30px|30px|true|true&#8221; box_shadow_style=&#8221;preset1&#8243; box_shadow_vertical=&#8221;20px&#8221; box_shadow_blur=&#8221;60px&#8221; box_shadow_color=&#8221;rgba(22,41,68,0.12)&#8221; global_colors_info=&#8221;{}&#8221; transform_styles__hover_enabled=&#8221;on&#8221; transform_scale__hover_enabled=&#8221;on&#8221; transform_translate__hover_enabled=&#8221;on&#8221; transform_rotate__hover_enabled=&#8221;on&#8221; transform_skew__hover_enabled=&#8221;on&#8221; transform_origin__hover_enabled=&#8221;on&#8221; transform_scale__hover=&#8221;107%|107%&#8221;][et_pb_text _builder_version=&#8221;4.27.4&#8243; text_font=&#8221;Poppins||||||||&#8221; text_font_size=&#8221;15px&#8221; text_line_height=&#8221;1.8em&#8221; max_width=&#8221;512px&#8221; text_font_size_tablet=&#8221;&#8221; text_font_size_phone=&#8221;14px&#8221; text_font_size_last_edited=&#8221;on|desktop&#8221; locked=&#8221;off&#8221; inline_fonts=&#8221;Abel&#8221; global_colors_info=&#8221;{}&#8221;]<\/p>\n<p class=\"rteBlock\" style=\"box-sizing: border-box; border: 0px solid #333333; -webkit-font-smoothing: antialiased; margin: 0px; line-height: normal; text-align: left; font-size: 18px; -webkit-tap-highlight-color: transparent; direction: ltr; font-weight: 400; color: #939393; font-family: Muli; font-style: normal; font-variant-ligatures: normal; font-variant-caps: normal; letter-spacing: normal; orphans: 2; text-indent: 0px; text-transform: none; widows: 2; word-spacing: 0px; -webkit-text-stroke-width: 0px; white-space: normal; background-color: #ffffff; text-decoration-thickness: initial; text-decoration-style: initial; text-decoration-color: initial;\"><span style=\"font-family: Abel;\"><em><strong>\u00c9s una excel\u00b7lent pintora i escultora. La pedra parla i cobra vida en passar per les mans d&#8217;Ingrid. <\/strong><\/em><\/span><\/p>\n<p class=\"rteBlock\" style=\"box-sizing: border-box; border: 0px solid #333333; -webkit-font-smoothing: antialiased; margin: 0px; line-height: normal; text-align: left; font-size: 18px; -webkit-tap-highlight-color: transparent; direction: ltr; font-weight: 400; color: #939393; font-family: Muli; font-style: normal; font-variant-ligatures: normal; font-variant-caps: normal; letter-spacing: normal; orphans: 2; text-indent: 0px; text-transform: none; widows: 2; word-spacing: 0px; -webkit-text-stroke-width: 0px; white-space: normal; background-color: #ffffff; text-decoration-thickness: initial; text-decoration-style: initial; text-decoration-color: initial;\"><span style=\"font-family: Abel;\"><em><strong>Les seves pintures s\u00f3n delicadesa i sensibilitat i domina la t\u00e8cnica i la llum en cada obra.<\/strong><\/em><\/span><\/p>\n<p class=\"rteBlock\" style=\"box-sizing: border-box; border: 0px solid #333333; -webkit-font-smoothing: antialiased; margin: 0px; line-height: normal; text-align: left; font-size: 18px; -webkit-tap-highlight-color: transparent; direction: ltr; font-weight: 400; color: #939393; font-family: Muli; font-style: normal; font-variant-ligatures: normal; font-variant-caps: normal; letter-spacing: normal; orphans: 2; text-indent: 0px; text-transform: none; widows: 2; word-spacing: 0px; -webkit-text-stroke-width: 0px; white-space: normal; background-color: #ffffff; text-decoration-thickness: initial; text-decoration-style: initial; text-decoration-color: initial;\"><span style=\"font-family: Abel;\"><em><strong>Una artista maj\u00fascula!!!<\/strong><\/em><\/span><\/p>\n<p class=\"rteBlock\" style=\"box-sizing: border-box; border: 0px solid #333333; -webkit-font-smoothing: antialiased; margin: 0px; line-height: normal; text-align: left; font-size: 18px; -webkit-tap-highlight-color: transparent; direction: ltr; font-weight: 400; color: #939393; font-family: Muli; font-style: normal; font-variant-ligatures: normal; font-variant-caps: normal; letter-spacing: normal; orphans: 2; text-indent: 0px; text-transform: none; widows: 2; word-spacing: 0px; -webkit-text-stroke-width: 0px; white-space: normal; background-color: #ffffff; text-decoration-thickness: initial; text-decoration-style: initial; text-decoration-color: initial;\"><span style=\"font-family: Abel;\"><em><strong>Gr\u00e0cies per les obres teves que puc gaudir di\u00e0riament.&#8221;<\/strong><\/em><\/span><\/p>\n<p class=\"rteBlock\" style=\"box-sizing: border-box; border: 0px solid #333333; -webkit-font-smoothing: antialiased; margin: 0px; line-height: normal; text-align: left; font-size: 18px; -webkit-tap-highlight-color: transparent; direction: ltr; font-weight: 400; color: #939393; font-family: Muli; font-style: normal; font-variant-ligatures: normal; font-variant-caps: normal; letter-spacing: normal; orphans: 2; text-indent: 0px; text-transform: none; widows: 2; word-spacing: 0px; -webkit-text-stroke-width: 0px; white-space: normal; background-color: #ffffff; text-decoration-thickness: initial; text-decoration-style: initial; text-decoration-color: initial;\"><span style=\"font-family: Abel;\"><em><strong><\/strong><\/em><\/span><\/p>\n<p class=\"rteBlock\" style=\"box-sizing: border-box; border: 0px solid #333333; -webkit-font-smoothing: antialiased; margin: 0px; line-height: normal; text-align: left; font-size: 18px; -webkit-tap-highlight-color: transparent; direction: ltr; font-weight: 400; color: #939393; font-family: Muli; font-style: normal; font-variant-ligatures: normal; font-variant-caps: normal; letter-spacing: normal; orphans: 2; text-indent: 0px; text-transform: none; widows: 2; word-spacing: 0px; -webkit-text-stroke-width: 0px; white-space: normal; background-color: #ffffff; text-decoration-thickness: initial; text-decoration-style: initial; text-decoration-color: initial;\"><span style=\"font-family: Abel;\">&#8211; Teresa<\/span><\/p>\n<p>[\/et_pb_text][\/et_pb_column][\/et_pb_row][\/et_pb_section]<\/p>\n","protected":false},"excerpt":{"rendered":"<p>Ingrid TostS\u00f3c Ingrid Tost, escultora i artista pl\u00e0stica amb una profunda connexi\u00f3 amb la pedra natural. Treballo fusionant t\u00e8cniques tradicionals i contempor\u00e0nies per convertir la mat\u00e8ria en peces \u00faniques, plenes d&#8217;\u00e0nima i significat.La meva ess\u00e8nciaTot el meu treball mant\u00e9 un enfocament artesanal, hum\u00e0 i profundament connectat amb la bellesa natural.Sobre mi Les meves accions i [&hellip;]<\/p>\n","protected":false},"author":2,"featured_media":0,"parent":0,"menu_order":0,"comment_status":"closed","ping_status":"closed","template":"","meta":{"_et_pb_use_builder":"on","_et_pb_old_content":"","_et_gb_content_width":"","footnotes":""},"class_list":["post-735","page","type-page","status-publish","hentry"],"yoast_head":"<!-- This site is optimized with the Yoast SEO plugin v27.2 - https:\/\/yoast.com\/product\/yoast-seo-wordpress\/ -->\n<title>Inici - Arts Ingrid Tost<\/title>\n<meta name=\"robots\" content=\"index, follow, max-snippet:-1, max-image-preview:large, max-video-preview:-1\" \/>\n<link rel=\"canonical\" href=\"https:\/\/artsingridtost.com\/\" \/>\n<meta property=\"og:locale\" content=\"ca_ES\" \/>\n<meta property=\"og:type\" content=\"article\" \/>\n<meta property=\"og:title\" content=\"Inici - Arts Ingrid Tost\" \/>\n<meta property=\"og:description\" content=\"Ingrid TostS\u00f3c Ingrid Tost, escultora i artista pl\u00e0stica amb una profunda connexi\u00f3 amb la pedra natural. Treballo fusionant t\u00e8cniques tradicionals i contempor\u00e0nies per convertir la mat\u00e8ria en peces \u00faniques, plenes d&#039;\u00e0nima i significat.La meva ess\u00e8nciaTot el meu treball mant\u00e9 un enfocament artesanal, hum\u00e0 i profundament connectat amb la bellesa natural.Sobre mi Les meves accions i [&hellip;]\" \/>\n<meta property=\"og:url\" content=\"https:\/\/artsingridtost.com\/\" \/>\n<meta property=\"og:site_name\" content=\"Arts Ingrid Tost\" \/>\n<meta property=\"article:modified_time\" content=\"2026-02-04T11:27:22+00:00\" \/>\n<meta name=\"twitter:card\" content=\"summary_large_image\" \/>\n<meta name=\"twitter:label1\" content=\"Temps estimat de lectura\" \/>\n\t<meta name=\"twitter:data1\" content=\"17 minuts\" \/>\n<script type=\"application\/ld+json\" class=\"yoast-schema-graph\">{\"@context\":\"https:\/\/schema.org\",\"@graph\":[{\"@type\":\"WebPage\",\"@id\":\"https:\/\/artsingridtost.com\/\",\"url\":\"https:\/\/artsingridtost.com\/\",\"name\":\"Inici - Arts Ingrid Tost\",\"isPartOf\":{\"@id\":\"https:\/\/artsingridtost.com\/#website\"},\"datePublished\":\"2025-10-28T16:08:20+00:00\",\"dateModified\":\"2026-02-04T11:27:22+00:00\",\"breadcrumb\":{\"@id\":\"https:\/\/artsingridtost.com\/#breadcrumb\"},\"inLanguage\":\"ca\",\"potentialAction\":[{\"@type\":\"ReadAction\",\"target\":[\"https:\/\/artsingridtost.com\/\"]}]},{\"@type\":\"BreadcrumbList\",\"@id\":\"https:\/\/artsingridtost.com\/#breadcrumb\",\"itemListElement\":[{\"@type\":\"ListItem\",\"position\":1,\"name\":\"Home\",\"item\":\"https:\/\/artsingridtost.com\/\"},{\"@type\":\"ListItem\",\"position\":2,\"name\":\"Inici\"}]},{\"@type\":\"WebSite\",\"@id\":\"https:\/\/artsingridtost.com\/#website\",\"url\":\"https:\/\/artsingridtost.com\/\",\"name\":\"Arts Ingrid Tost\",\"description\":\"Arts Ingrid Tost\",\"potentialAction\":[{\"@type\":\"SearchAction\",\"target\":{\"@type\":\"EntryPoint\",\"urlTemplate\":\"https:\/\/artsingridtost.com\/?s={search_term_string}\"},\"query-input\":{\"@type\":\"PropertyValueSpecification\",\"valueRequired\":true,\"valueName\":\"search_term_string\"}}],\"inLanguage\":\"ca\"}]}<\/script>\n<!-- \/ Yoast SEO plugin. -->","yoast_head_json":{"title":"Inici - Arts Ingrid Tost","robots":{"index":"index","follow":"follow","max-snippet":"max-snippet:-1","max-image-preview":"max-image-preview:large","max-video-preview":"max-video-preview:-1"},"canonical":"https:\/\/artsingridtost.com\/","og_locale":"ca_ES","og_type":"article","og_title":"Inici - Arts Ingrid Tost","og_description":"Ingrid TostS\u00f3c Ingrid Tost, escultora i artista pl\u00e0stica amb una profunda connexi\u00f3 amb la pedra natural. Treballo fusionant t\u00e8cniques tradicionals i contempor\u00e0nies per convertir la mat\u00e8ria en peces \u00faniques, plenes d'\u00e0nima i significat.La meva ess\u00e8nciaTot el meu treball mant\u00e9 un enfocament artesanal, hum\u00e0 i profundament connectat amb la bellesa natural.Sobre mi Les meves accions i [&hellip;]","og_url":"https:\/\/artsingridtost.com\/","og_site_name":"Arts Ingrid Tost","article_modified_time":"2026-02-04T11:27:22+00:00","twitter_card":"summary_large_image","twitter_misc":{"Temps estimat de lectura":"17 minuts"},"schema":{"@context":"https:\/\/schema.org","@graph":[{"@type":"WebPage","@id":"https:\/\/artsingridtost.com\/","url":"https:\/\/artsingridtost.com\/","name":"Inici - Arts Ingrid Tost","isPartOf":{"@id":"https:\/\/artsingridtost.com\/#website"},"datePublished":"2025-10-28T16:08:20+00:00","dateModified":"2026-02-04T11:27:22+00:00","breadcrumb":{"@id":"https:\/\/artsingridtost.com\/#breadcrumb"},"inLanguage":"ca","potentialAction":[{"@type":"ReadAction","target":["https:\/\/artsingridtost.com\/"]}]},{"@type":"BreadcrumbList","@id":"https:\/\/artsingridtost.com\/#breadcrumb","itemListElement":[{"@type":"ListItem","position":1,"name":"Home","item":"https:\/\/artsingridtost.com\/"},{"@type":"ListItem","position":2,"name":"Inici"}]},{"@type":"WebSite","@id":"https:\/\/artsingridtost.com\/#website","url":"https:\/\/artsingridtost.com\/","name":"Arts Ingrid Tost","description":"Arts Ingrid Tost","potentialAction":[{"@type":"SearchAction","target":{"@type":"EntryPoint","urlTemplate":"https:\/\/artsingridtost.com\/?s={search_term_string}"},"query-input":{"@type":"PropertyValueSpecification","valueRequired":true,"valueName":"search_term_string"}}],"inLanguage":"ca"}]}},"_links":{"self":[{"href":"https:\/\/artsingridtost.com\/index.php?rest_route=\/wp\/v2\/pages\/735","targetHints":{"allow":["GET"]}}],"collection":[{"href":"https:\/\/artsingridtost.com\/index.php?rest_route=\/wp\/v2\/pages"}],"about":[{"href":"https:\/\/artsingridtost.com\/index.php?rest_route=\/wp\/v2\/types\/page"}],"author":[{"embeddable":true,"href":"https:\/\/artsingridtost.com\/index.php?rest_route=\/wp\/v2\/users\/2"}],"replies":[{"embeddable":true,"href":"https:\/\/artsingridtost.com\/index.php?rest_route=%2Fwp%2Fv2%2Fcomments&post=735"}],"version-history":[{"count":2,"href":"https:\/\/artsingridtost.com\/index.php?rest_route=\/wp\/v2\/pages\/735\/revisions"}],"predecessor-version":[{"id":737,"href":"https:\/\/artsingridtost.com\/index.php?rest_route=\/wp\/v2\/pages\/735\/revisions\/737"}],"wp:attachment":[{"href":"https:\/\/artsingridtost.com\/index.php?rest_route=%2Fwp%2Fv2%2Fmedia&parent=735"}],"curies":[{"name":"wp","href":"https:\/\/api.w.org\/{rel}","templated":true}]}}